{"id":1996,"date":"2024-10-15T10:59:31","date_gmt":"2024-10-15T10:59:31","guid":{"rendered":"https:\/\/www.mira-sabiona.com\/a-chiusa-dintorni\/"},"modified":"2024-12-09T12:49:31","modified_gmt":"2024-12-09T12:49:31","slug":"a-chiusa-dintorni","status":"publish","type":"page","link":"https:\/\/www.mira-sabiona.com\/it\/a-chiusa-dintorni\/","title":{"rendered":"A Chiusa &amp; dintorni"},"content":{"rendered":"\t\t<div data-elementor-type=\"wp-page\" data-elementor-id=\"1996\" class=\"elementor elementor-1996 elementor-54\" data-elementor-post-type=\"page\">\n\t\t\t\t<div class=\"elementor-element elementor-element-6a118508 e-con-full e-flex e-con e-parent\" data-id=\"6a118508\" data-element_type=\"container\">\n\t\t\t\t<div class=\"elementor-element elementor-element-63d0d9b0 elementor-pagination-position-inside paginierunglinksunten elementor-skin-carousel elementor-pagination-type-bullets elementor-widget elementor-widget-media-carousel\" data-id=\"63d0d9b0\" data-element_type=\"widget\" data-settings=\"{&quot;effect&quot;:&quot;fade&quot;,&quot;skin&quot;:&quot;carousel&quot;,&quot;pagination&quot;:&quot;bullets&quot;,&quot;speed&quot;:500,&quot;autoplay&quot;:&quot;yes&quot;,&quot;autoplay_speed&quot;:5000,&quot;loop&quot;:&quot;yes&quot;,&quot;pause_on_hover&quot;:&quot;yes&quot;,&quot;pause_on_interaction&quot;:&quot;yes&quot;,&quot;space_between&quot;:{&quot;unit&quot;:&quot;px&quot;,&quot;size&quot;:10,&quot;sizes&quot;:[]},&quot;space_between_widescreen&quot;:{&quot;unit&quot;:&quot;px&quot;,&quot;size&quot;:10,&quot;sizes&quot;:[]},&quot;space_between_laptop&quot;:{&quot;unit&quot;:&quot;px&quot;,&quot;size&quot;:10,&quot;sizes&quot;:[]},&quot;space_between_tablet_extra&quot;:{&quot;unit&quot;:&quot;px&quot;,&quot;size&quot;:10,&quot;sizes&quot;:[]},&quot;space_between_tablet&quot;:{&quot;unit&quot;:&quot;px&quot;,&quot;size&quot;:10,&quot;sizes&quot;:[]},&quot;space_between_mobile_extra&quot;:{&quot;unit&quot;:&quot;px&quot;,&quot;size&quot;:10,&quot;sizes&quot;:[]},&quot;space_between_mobile&quot;:{&quot;unit&quot;:&quot;px&quot;,&quot;size&quot;:10,&quot;sizes&quot;:[]}}\" data-widget_type=\"media-carousel.default\">\n\t\t\t\t<div class=\"elementor-widget-container\">\n\t\t\t\t\t\t\t\t\t<div class=\"elementor-swiper\">\n\t\t\t\t\t<div class=\"elementor-main-swiper swiper\" role=\"region\" aria-roledescription=\"carousel\" aria-label=\"Slides\">\n\t\t\t\t<div class=\"swiper-wrapper\">\n\t\t\t\t\t\t\t\t\t\t\t<div class=\"swiper-slide\" role=\"group\" aria-roledescription=\"slide\">\n\t\t\t\t\t\t\t\t\t<div class=\"elementor-carousel-image\" role=\"img\" aria-label=\"_D4S4627\" style=\"background-image: url(&#039;https:\/\/www.mira-sabiona.com\/wp-content\/uploads\/2024\/12\/D4S4627.jpg&#039;)\">\n\n\t\t\t\n\t\t\t\t\t<\/div>\n\t\t\t\t\t\t\t\t<\/div>\n\t\t\t\t\t\t\t\t\t<\/div>\n\t\t\t\t\t\t\t<\/div>\n\t\t\t\t<\/div>\n\t\t\t\t\t\t\t\t<\/div>\n\t\t\t\t<\/div>\n\t\t\t\t<div class=\"elementor-element elementor-element-34f05302 elementor-absolute elementor-hidden-mobile animated-slow elementor-invisible elementor-widget elementor-widget-image\" data-id=\"34f05302\" data-element_type=\"widget\" data-settings=\"{&quot;_position&quot;:&quot;absolute&quot;,&quot;_animation&quot;:&quot;fadeIn&quot;}\" data-widget_type=\"image.default\">\n\t\t\t\t<div class=\"elementor-widget-container\">\n\t\t\t\t\t\t\t\t\t\t\t\t\t\t\t<img fetchpriority=\"high\" decoding=\"async\" width=\"444\" height=\"444\" src=\"https:\/\/www.mira-sabiona.com\/wp-content\/uploads\/2024\/12\/button-it.png\" class=\"attachment-large size-large wp-image-1663\" alt=\"\" srcset=\"https:\/\/www.mira-sabiona.com\/wp-content\/uploads\/2024\/12\/button-it.png 444w, https:\/\/www.mira-sabiona.com\/wp-content\/uploads\/2024\/12\/button-it-300x300.png 300w, https:\/\/www.mira-sabiona.com\/wp-content\/uploads\/2024\/12\/button-it-150x150.png 150w\" sizes=\"(max-width: 444px) 100vw, 444px\" \/>\t\t\t\t\t\t\t\t\t\t\t\t\t\t\t<\/div>\n\t\t\t\t<\/div>\n\t\t\t\t<\/div>\n\t\t<div class=\"elementor-element elementor-element-3d8619c8 blacklink e-flex e-con-boxed e-con e-parent\" data-id=\"3d8619c8\" data-element_type=\"container\" id=\"anfragen\" data-settings=\"{&quot;background_background&quot;:&quot;classic&quot;}\">\n\t\t\t\t\t<div class=\"e-con-inner\">\n\t\t<div class=\"elementor-element elementor-element-6bcd85b3 e-con-full e-flex e-con e-child\" data-id=\"6bcd85b3\" data-element_type=\"container\">\n\t\t\t\t<div class=\"elementor-element elementor-element-7c001ed1 animated-slow elementor-invisible elementor-widget elementor-widget-heading\" data-id=\"7c001ed1\" data-element_type=\"widget\" data-settings=\"{&quot;_animation&quot;:&quot;fadeIn&quot;}\" data-widget_type=\"heading.default\">\n\t\t\t\t<div class=\"elementor-widget-container\">\n\t\t\t\t\t<h2 class=\"elementor-heading-title elementor-size-default\">Chiusa, la citt\u00e0 degli artisti in Valle Isarco <\/h2>\t\t\t\t<\/div>\n\t\t\t\t<\/div>\n\t\t\t\t<div class=\"elementor-element elementor-element-63a3b7e2 animated-slow elementor-invisible elementor-widget elementor-widget-heading\" data-id=\"63a3b7e2\" data-element_type=\"widget\" data-settings=\"{&quot;_animation&quot;:&quot;fadeIn&quot;}\" data-widget_type=\"heading.default\">\n\t\t\t\t<div class=\"elementor-widget-container\">\n\t\t\t\t\t<h1 class=\"elementor-heading-title elementor-size-default\">Gita al monastero di Sabiona <\/h1>\t\t\t\t<\/div>\n\t\t\t\t<\/div>\n\t\t\t\t<div class=\"elementor-element elementor-element-19a2d8be elementor-widget__width-initial animated-slow elementor-invisible elementor-widget elementor-widget-text-editor\" data-id=\"19a2d8be\" data-element_type=\"widget\" data-settings=\"{&quot;_animation&quot;:&quot;fadeIn&quot;}\" data-widget_type=\"text-editor.default\">\n\t\t\t\t<div class=\"elementor-widget-container\">\n\t\t\t\t\t\t\t\t\t<p>Tortuosi vicoletti, insegne storiche e stretti palazzi con le finestre a bovindo: a Chiusa, dietro ogni angolo \u00e8 custodito qualche dettaglio affascinante. Non a caso questa graziosa cittadina lungo l\u2019Isarco ha fatto innamorare artisti del calibro di Albrecht D\u00fcrer e altri ancora. Ma siamo certi che il suo fascino conquister\u00e0 anche te!  <\/p>\n\t\t\t\t\t\t\t\t<\/div>\n\t\t\t\t<\/div>\n\t\t\t\t<\/div>\n\t\t\t\t\t<\/div>\n\t\t\t\t<\/div>\n\t\t<div class=\"elementor-element elementor-element-d3008f4 e-con-full e-flex e-con e-parent\" data-id=\"d3008f4\" data-element_type=\"container\" data-settings=\"{&quot;background_background&quot;:&quot;classic&quot;}\">\n\t\t\t\t<div class=\"elementor-element elementor-element-2b9a7249 elementor--v-position-bottom galeriepfeilweiss elementor-hidden-mobile_extra elementor-hidden-mobile elementor--h-position-center elementor-arrows-position-inside elementor-widget elementor-widget-slides\" data-id=\"2b9a7249\" data-element_type=\"widget\" data-settings=\"{&quot;navigation&quot;:&quot;arrows&quot;,&quot;transition&quot;:&quot;fade&quot;,&quot;autoplay&quot;:&quot;yes&quot;,&quot;pause_on_hover&quot;:&quot;yes&quot;,&quot;pause_on_interaction&quot;:&quot;yes&quot;,&quot;autoplay_speed&quot;:5000,&quot;infinite&quot;:&quot;yes&quot;,&quot;transition_speed&quot;:500}\" data-widget_type=\"slides.default\">\n\t\t\t\t<div class=\"elementor-widget-container\">\n\t\t\t\t\t\t\t\t\t<div class=\"elementor-swiper\">\n\t\t\t\t\t<div class=\"elementor-slides-wrapper elementor-main-swiper swiper\" role=\"region\" aria-roledescription=\"carousel\" aria-label=\"Slides\" dir=\"ltr\" data-animation=\"\">\n\t\t\t\t<div class=\"swiper-wrapper elementor-slides\">\n\t\t\t\t\t\t\t\t\t\t<div class=\"elementor-repeater-item-a3851ed swiper-slide\" role=\"group\" aria-roledescription=\"slide\"><div class=\"swiper-slide-bg\" role=\"img\"><\/div><div class=\"elementor-background-overlay\"><\/div><div class=\"swiper-slide-inner\" ><div class=\"swiper-slide-contents\"><div class=\"elementor-slide-heading\">A spasso per Chiusa<\/div><div class=\"elementor-slide-description\"><p>Una delle particolarit\u00e0 di Chiusa \u00e8 che \u00e8 stata risparmiata dalla frenesia della citt\u00e0 moderna. Te ne accorgerai passeggiando tra i suoi vicoli storici, curiosando tra i negozi in cerca di prodotti tipici, e gustando un aperitivo nell\u2019atmosfera suggestiva dei locali del centro.    <\/p>\n<\/div><\/div><\/div><\/div><div class=\"elementor-repeater-item-137d1ca swiper-slide\" role=\"group\" aria-roledescription=\"slide\"><div class=\"swiper-slide-bg\" role=\"img\"><\/div><div class=\"elementor-background-overlay\"><\/div><div class=\"swiper-slide-inner\" ><div class=\"swiper-slide-contents\"><div class=\"elementor-slide-heading\">Il fascino mistico del monastero di Sabiona<\/div><div class=\"elementor-slide-description\"><p>Il percorso pedonale che da Chiusa porta al Sacro Monte \u00e8 gi\u00e0 di per s\u00e9 un\u2019esperienza. E tra le mura storiche del monastero, il pi\u00f9 antico sito di pellegrinaggio del Tirolo, si percepisce tutta la carica spirituale di questo luogo di forza.  <\/p>\n<\/div><\/div><\/div><\/div><div class=\"elementor-repeater-item-44369f1 swiper-slide\" role=\"group\" aria-roledescription=\"slide\"><div class=\"swiper-slide-bg\" role=\"img\"><\/div><div class=\"elementor-background-overlay\"><\/div><div class=\"swiper-slide-inner\" ><div class=\"swiper-slide-contents\"><div class=\"elementor-slide-heading\">Degustazioni di vino alla Cantina Valle Isarco<\/div><div class=\"elementor-slide-description\"><p>L\u2019architettura moderna della Cantina Valle Isarco custodisce un tesoro di tradizione: partecipa a una visita guidata con degustazione per assaggiare vini eccellenti, scoprire i segreti della viticoltura in Valle Isarco e conoscere pi\u00f9 da vicino la cultura enologica altoatesina. <\/p>\n<\/div><\/div><\/div><\/div>\t\t\t\t<\/div>\n\t\t\t\t\t\t\t\t\t\t\t\t\t\t\t\t\t\t\t\t<div class=\"elementor-swiper-button elementor-swiper-button-prev\" role=\"button\" tabindex=\"0\" aria-label=\"Diapositiva precedente\">\n\t\t\t\t\t\t\t<svg aria-hidden=\"true\" class=\"e-font-icon-svg e-eicon-chevron-left\" viewBox=\"0 0 1000 1000\" xmlns=\"http:\/\/www.w3.org\/2000\/svg\"><path d=\"M646 125C629 125 613 133 604 142L308 442C296 454 292 471 292 487 292 504 296 521 308 533L604 854C617 867 629 875 646 875 663 875 679 871 692 858 704 846 713 829 713 812 713 796 708 779 692 767L438 487 692 225C700 217 708 204 708 187 708 171 704 154 692 142 675 129 663 125 646 125Z\"><\/path><\/svg>\t\t\t\t\t\t<\/div>\n\t\t\t\t\t\t<div class=\"elementor-swiper-button elementor-swiper-button-next\" role=\"button\" tabindex=\"0\" aria-label=\"Prossima diapositiva\">\n\t\t\t\t\t\t\t<svg aria-hidden=\"true\" class=\"e-font-icon-svg e-eicon-chevron-right\" viewBox=\"0 0 1000 1000\" xmlns=\"http:\/\/www.w3.org\/2000\/svg\"><path d=\"M696 533C708 521 713 504 713 487 713 471 708 454 696 446L400 146C388 133 375 125 354 125 338 125 325 129 313 142 300 154 292 171 292 187 292 204 296 221 308 233L563 492 304 771C292 783 288 800 288 817 288 833 296 850 308 863 321 871 338 875 354 875 371 875 388 867 400 854L696 533Z\"><\/path><\/svg>\t\t\t\t\t\t<\/div>\n\t\t\t\t\t\t\t\t\t\t\t\t<\/div>\n\t\t\t\t<\/div>\n\t\t\t\t\t\t\t\t<\/div>\n\t\t\t\t<\/div>\n\t\t\t\t<div class=\"elementor-element elementor-element-b89431e galeriepfeil elementor-hidden-widescreen elementor-hidden-desktop elementor-hidden-laptop elementor-hidden-tablet_extra elementor-hidden-tablet elementor-arrows-position-inside elementor-widget elementor-widget-n-carousel\" data-id=\"b89431e\" data-element_type=\"widget\" data-settings=\"{&quot;carousel_items&quot;:[{&quot;slide_title&quot;:&quot;Slide #1&quot;,&quot;_id&quot;:&quot;cea5eb9&quot;},{&quot;slide_title&quot;:&quot;Slide #1&quot;,&quot;_id&quot;:&quot;03d9c63&quot;},{&quot;slide_title&quot;:&quot;Slide #1&quot;,&quot;_id&quot;:&quot;0f991eb&quot;}],&quot;slides_to_show&quot;:&quot;1&quot;,&quot;slides_to_show_tablet&quot;:&quot;1&quot;,&quot;slides_to_show_mobile&quot;:&quot;2&quot;,&quot;autoplay&quot;:&quot;yes&quot;,&quot;autoplay_speed&quot;:5000,&quot;pause_on_hover&quot;:&quot;yes&quot;,&quot;pause_on_interaction&quot;:&quot;yes&quot;,&quot;infinite&quot;:&quot;yes&quot;,&quot;speed&quot;:500,&quot;offset_sides&quot;:&quot;none&quot;,&quot;arrows&quot;:&quot;yes&quot;,&quot;image_spacing_custom&quot;:{&quot;unit&quot;:&quot;px&quot;,&quot;size&quot;:10,&quot;sizes&quot;:[]},&quot;image_spacing_custom_widescreen&quot;:{&quot;unit&quot;:&quot;px&quot;,&quot;size&quot;:&quot;&quot;,&quot;sizes&quot;:[]},&quot;image_spacing_custom_laptop&quot;:{&quot;unit&quot;:&quot;px&quot;,&quot;size&quot;:&quot;&quot;,&quot;sizes&quot;:[]},&quot;image_spacing_custom_tablet_extra&quot;:{&quot;unit&quot;:&quot;px&quot;,&quot;size&quot;:&quot;&quot;,&quot;sizes&quot;:[]},&quot;image_spacing_custom_tablet&quot;:{&quot;unit&quot;:&quot;px&quot;,&quot;size&quot;:&quot;&quot;,&quot;sizes&quot;:[]},&quot;image_spacing_custom_mobile_extra&quot;:{&quot;unit&quot;:&quot;px&quot;,&quot;size&quot;:&quot;&quot;,&quot;sizes&quot;:[]},&quot;image_spacing_custom_mobile&quot;:{&quot;unit&quot;:&quot;px&quot;,&quot;size&quot;:&quot;&quot;,&quot;sizes&quot;:[]}}\" data-widget_type=\"nested-carousel.default\">\n\t\t\t\t<div class=\"elementor-widget-container\">\n\t\t\t\t\t\t\t<div class=\"e-n-carousel swiper\" role=\"region\" aria-roledescription=\"carousel\" aria-label=\"Carosello\" dir=\"ltr\">\n\t\t\t<div class=\"swiper-wrapper\" aria-live=\"off\">\n\t\t\t\t\t\t\t\t\t\t<div class=\"swiper-slide\" data-slide=\"1\" role=\"group\" aria-roledescription=\"slide\" aria-label=\"1 di 3\">\n\t\t\t\t\t\t\t<div class=\"elementor-element elementor-element-3fee81c e-flex e-con-boxed e-con e-child\" data-id=\"3fee81c\" data-element_type=\"container\">\n\t\t\t\t\t<div class=\"e-con-inner\">\n\t\t\t\t<div class=\"elementor-element elementor-element-8797a55 elementor-widget elementor-widget-image\" data-id=\"8797a55\" data-element_type=\"widget\" data-widget_type=\"image.default\">\n\t\t\t\t<div class=\"elementor-widget-container\">\n\t\t\t\t\t\t\t\t\t\t\t\t\t\t\t<img decoding=\"async\" width=\"800\" height=\"534\" src=\"https:\/\/www.mira-sabiona.com\/wp-content\/uploads\/2024\/11\/klausen-und-umgebung-suedtirol-1024x683.jpg\" class=\"attachment-large size-large wp-image-1791\" alt=\"\" srcset=\"https:\/\/www.mira-sabiona.com\/wp-content\/uploads\/2024\/11\/klausen-und-umgebung-suedtirol-1024x683.jpg 1024w, https:\/\/www.mira-sabiona.com\/wp-content\/uploads\/2024\/11\/klausen-und-umgebung-suedtirol-300x200.jpg 300w, https:\/\/www.mira-sabiona.com\/wp-content\/uploads\/2024\/11\/klausen-und-umgebung-suedtirol-768x512.jpg 768w, https:\/\/www.mira-sabiona.com\/wp-content\/uploads\/2024\/11\/klausen-und-umgebung-suedtirol-1536x1024.jpg 1536w, https:\/\/www.mira-sabiona.com\/wp-content\/uploads\/2024\/11\/klausen-und-umgebung-suedtirol.jpg 1920w\" sizes=\"(max-width: 800px) 100vw, 800px\" \/>\t\t\t\t\t\t\t\t\t\t\t\t\t\t\t<\/div>\n\t\t\t\t<\/div>\n\t\t\t\t<div class=\"elementor-element elementor-element-4325ac2 animated-slow elementor-invisible elementor-widget elementor-widget-heading\" data-id=\"4325ac2\" data-element_type=\"widget\" data-settings=\"{&quot;_animation&quot;:&quot;fadeIn&quot;}\" data-widget_type=\"heading.default\">\n\t\t\t\t<div class=\"elementor-widget-container\">\n\t\t\t\t\t<h2 class=\"elementor-heading-title elementor-size-default\">A spasso per Chiusa<\/h2>\t\t\t\t<\/div>\n\t\t\t\t<\/div>\n\t\t\t\t<div class=\"elementor-element elementor-element-7d71bce elementor-widget__width-initial animated-slow elementor-invisible elementor-widget elementor-widget-text-editor\" data-id=\"7d71bce\" data-element_type=\"widget\" data-settings=\"{&quot;_animation&quot;:&quot;fadeIn&quot;}\" data-widget_type=\"text-editor.default\">\n\t\t\t\t<div class=\"elementor-widget-container\">\n\t\t\t\t\t\t\t\t\t<p>Una delle particolarit\u00e0 di Chiusa \u00e8 che \u00e8 stata risparmiata dalla frenesia della citt\u00e0 moderna. Te ne accorgerai passeggiando tra i suoi vicoli storici, curiosando tra i negozi in cerca di prodotti tipici, e gustando un aperitivo nell\u2019atmosfera suggestiva dei locali del centro.   <\/p>\n\t\t\t\t\t\t\t\t<\/div>\n\t\t\t\t<\/div>\n\t\t\t\t\t<\/div>\n\t\t\t\t<\/div>\n\t\t\t\t\t\t\t\t<\/div>\n\t\t\t\t\t\t\t\t\t\t\t<div class=\"swiper-slide\" data-slide=\"2\" role=\"group\" aria-roledescription=\"slide\" aria-label=\"2 di 3\">\n\t\t\t\t\t\t\t<div class=\"elementor-element elementor-element-183e8d5 e-flex e-con-boxed e-con e-child\" data-id=\"183e8d5\" data-element_type=\"container\">\n\t\t\t\t\t<div class=\"e-con-inner\">\n\t\t\t\t<div class=\"elementor-element elementor-element-9c28b86 elementor-widget elementor-widget-image\" data-id=\"9c28b86\" data-element_type=\"widget\" data-widget_type=\"image.default\">\n\t\t\t\t<div class=\"elementor-widget-container\">\n\t\t\t\t\t\t\t\t\t\t\t\t\t\t\t<img decoding=\"async\" width=\"800\" height=\"532\" src=\"https:\/\/www.mira-sabiona.com\/wp-content\/uploads\/2024\/11\/kloster-saeben-im-eisacktal-in-suedtirol-1024x681.jpg\" class=\"attachment-large size-large wp-image-1793\" alt=\"\" srcset=\"https:\/\/www.mira-sabiona.com\/wp-content\/uploads\/2024\/11\/kloster-saeben-im-eisacktal-in-suedtirol-1024x681.jpg 1024w, https:\/\/www.mira-sabiona.com\/wp-content\/uploads\/2024\/11\/kloster-saeben-im-eisacktal-in-suedtirol-300x200.jpg 300w, https:\/\/www.mira-sabiona.com\/wp-content\/uploads\/2024\/11\/kloster-saeben-im-eisacktal-in-suedtirol-768x511.jpg 768w, https:\/\/www.mira-sabiona.com\/wp-content\/uploads\/2024\/11\/kloster-saeben-im-eisacktal-in-suedtirol-1536x1022.jpg 1536w, https:\/\/www.mira-sabiona.com\/wp-content\/uploads\/2024\/11\/kloster-saeben-im-eisacktal-in-suedtirol.jpg 1920w\" sizes=\"(max-width: 800px) 100vw, 800px\" \/>\t\t\t\t\t\t\t\t\t\t\t\t\t\t\t<\/div>\n\t\t\t\t<\/div>\n\t\t\t\t<div class=\"elementor-element elementor-element-350dd76 animated-slow elementor-invisible elementor-widget elementor-widget-heading\" data-id=\"350dd76\" data-element_type=\"widget\" data-settings=\"{&quot;_animation&quot;:&quot;fadeIn&quot;}\" data-widget_type=\"heading.default\">\n\t\t\t\t<div class=\"elementor-widget-container\">\n\t\t\t\t\t<h2 class=\"elementor-heading-title elementor-size-default\">Il fascino mistico del monastero di Sabiona<\/h2>\t\t\t\t<\/div>\n\t\t\t\t<\/div>\n\t\t\t\t<div class=\"elementor-element elementor-element-63342d9 elementor-widget__width-initial animated-slow elementor-invisible elementor-widget elementor-widget-text-editor\" data-id=\"63342d9\" data-element_type=\"widget\" data-settings=\"{&quot;_animation&quot;:&quot;fadeIn&quot;}\" data-widget_type=\"text-editor.default\">\n\t\t\t\t<div class=\"elementor-widget-container\">\n\t\t\t\t\t\t\t\t\t<p>Il percorso pedonale che da Chiusa porta al Sacro Monte \u00e8 gi\u00e0 di per s\u00e9 un\u2019esperienza. E tra le mura storiche del monastero, il pi\u00f9 antico sito di pellegrinaggio del Tirolo, si percepisce tutta la carica spirituale di questo luogo di forza. <\/p>\n\t\t\t\t\t\t\t\t<\/div>\n\t\t\t\t<\/div>\n\t\t\t\t\t<\/div>\n\t\t\t\t<\/div>\n\t\t\t\t\t\t\t\t<\/div>\n\t\t\t\t\t\t\t\t\t\t\t<div class=\"swiper-slide\" data-slide=\"3\" role=\"group\" aria-roledescription=\"slide\" aria-label=\"3 di 3\">\n\t\t\t\t\t\t\t<div class=\"elementor-element elementor-element-4903913 e-flex e-con-boxed e-con e-child\" data-id=\"4903913\" data-element_type=\"container\">\n\t\t\t\t\t<div class=\"e-con-inner\">\n\t\t\t\t<div class=\"elementor-element elementor-element-9413a20 elementor-widget elementor-widget-image\" data-id=\"9413a20\" data-element_type=\"widget\" data-widget_type=\"image.default\">\n\t\t\t\t<div class=\"elementor-widget-container\">\n\t\t\t\t\t\t\t\t\t\t\t\t\t\t\t<img loading=\"lazy\" decoding=\"async\" width=\"800\" height=\"534\" src=\"https:\/\/www.mira-sabiona.com\/wp-content\/uploads\/2024\/11\/wein-urlaub-suedtirol-eisacktal-1024x683.jpg\" class=\"attachment-large size-large wp-image-1795\" alt=\"\" srcset=\"https:\/\/www.mira-sabiona.com\/wp-content\/uploads\/2024\/11\/wein-urlaub-suedtirol-eisacktal-1024x683.jpg 1024w, https:\/\/www.mira-sabiona.com\/wp-content\/uploads\/2024\/11\/wein-urlaub-suedtirol-eisacktal-300x200.jpg 300w, https:\/\/www.mira-sabiona.com\/wp-content\/uploads\/2024\/11\/wein-urlaub-suedtirol-eisacktal-768x512.jpg 768w, https:\/\/www.mira-sabiona.com\/wp-content\/uploads\/2024\/11\/wein-urlaub-suedtirol-eisacktal-1536x1024.jpg 1536w, https:\/\/www.mira-sabiona.com\/wp-content\/uploads\/2024\/11\/wein-urlaub-suedtirol-eisacktal.jpg 1920w\" sizes=\"(max-width: 800px) 100vw, 800px\" \/>\t\t\t\t\t\t\t\t\t\t\t\t\t\t\t<\/div>\n\t\t\t\t<\/div>\n\t\t\t\t<div class=\"elementor-element elementor-element-9ea5908 animated-slow elementor-invisible elementor-widget elementor-widget-heading\" data-id=\"9ea5908\" data-element_type=\"widget\" data-settings=\"{&quot;_animation&quot;:&quot;fadeIn&quot;}\" data-widget_type=\"heading.default\">\n\t\t\t\t<div class=\"elementor-widget-container\">\n\t\t\t\t\t<h2 class=\"elementor-heading-title elementor-size-default\">Degustazioni di vino alla Cantina Valle Isarco<\/h2>\t\t\t\t<\/div>\n\t\t\t\t<\/div>\n\t\t\t\t<div class=\"elementor-element elementor-element-2d59ac4 elementor-widget__width-initial animated-slow elementor-invisible elementor-widget elementor-widget-text-editor\" data-id=\"2d59ac4\" data-element_type=\"widget\" data-settings=\"{&quot;_animation&quot;:&quot;fadeIn&quot;}\" data-widget_type=\"text-editor.default\">\n\t\t\t\t<div class=\"elementor-widget-container\">\n\t\t\t\t\t\t\t\t\t<p>L\u2019architettura moderna della Cantina Valle Isarco custodisce un tesoro di tradizione: partecipa a una visita guidata con degustazione per assaggiare vini eccellenti, scoprire i segreti della viticoltura in Valle Isarco e conoscere pi\u00f9 da vicino la cultura enologica altoatesina.<\/p>\n\t\t\t\t\t\t\t\t<\/div>\n\t\t\t\t<\/div>\n\t\t\t\t\t<\/div>\n\t\t\t\t<\/div>\n\t\t\t\t\t\t\t\t<\/div>\n\t\t\t\t\t\t\t\t<\/div>\n\t\t<\/div>\n\t\t\t\t\t<div class=\"elementor-swiper-button elementor-swiper-button-prev\" role=\"button\" tabindex=\"0\" aria-label=\"Precedente\">\n\t\t\t\t\t\t\t<\/div>\n\t\t\t<div class=\"elementor-swiper-button elementor-swiper-button-next\" role=\"button\" tabindex=\"0\" aria-label=\"Successivo\">\n\t\t\t\t<svg aria-hidden=\"true\" class=\"e-font-icon-svg e-eicon-chevron-right\" viewBox=\"0 0 1000 1000\" xmlns=\"http:\/\/www.w3.org\/2000\/svg\"><path d=\"M696 533C708 521 713 504 713 487 713 471 708 454 696 446L400 146C388 133 375 125 354 125 338 125 325 129 313 142 300 154 292 171 292 187 292 204 296 221 308 233L563 492 304 771C292 783 288 800 288 817 288 833 296 850 308 863 321 871 338 875 354 875 371 875 388 867 400 854L696 533Z\"><\/path><\/svg>\t\t\t<\/div>\n\t\t\t\t\t\t<\/div>\n\t\t\t\t<\/div>\n\t\t\t\t<\/div>\n\t\t<div class=\"elementor-element elementor-element-44ce12e4 e-flex e-con-boxed e-con e-parent\" data-id=\"44ce12e4\" data-element_type=\"container\" data-settings=\"{&quot;background_background&quot;:&quot;classic&quot;}\">\n\t\t\t\t\t<div class=\"e-con-inner\">\n\t\t\t\t<div class=\"elementor-element elementor-element-1d4e5172 animated-slow elementor-invisible elementor-widget elementor-widget-heading\" data-id=\"1d4e5172\" data-element_type=\"widget\" data-settings=\"{&quot;_animation&quot;:&quot;fadeIn&quot;}\" data-widget_type=\"heading.default\">\n\t\t\t\t<div class=\"elementor-widget-container\">\n\t\t\t\t\t<h2 class=\"elementor-heading-title elementor-size-default\">Alla scoperta dell\u2019Alto Adige <\/h2>\t\t\t\t<\/div>\n\t\t\t\t<\/div>\n\t\t\t\t<div class=\"elementor-element elementor-element-8763e4d animated-slow elementor-invisible elementor-widget elementor-widget-heading\" data-id=\"8763e4d\" data-element_type=\"widget\" data-settings=\"{&quot;_animation&quot;:&quot;fadeIn&quot;}\" data-widget_type=\"heading.default\">\n\t\t\t\t<div class=\"elementor-widget-container\">\n\t\t\t\t\t<p class=\"elementor-heading-title elementor-size-default\">Attrazioni naturali e culturali da non perdere <\/p>\t\t\t\t<\/div>\n\t\t\t\t<\/div>\n\t\t\t\t<div class=\"elementor-element elementor-element-3abfc98 galeriepfeil elementor-arrows-position-inside elementor-widget elementor-widget-n-carousel\" data-id=\"3abfc98\" data-element_type=\"widget\" data-settings=\"{&quot;carousel_items&quot;:[{&quot;slide_title&quot;:&quot;Slide #1&quot;,&quot;_id&quot;:&quot;cea5eb9&quot;},{&quot;slide_title&quot;:&quot;Slide #1&quot;,&quot;_id&quot;:&quot;03d9c63&quot;},{&quot;slide_title&quot;:&quot;Slide #1&quot;,&quot;_id&quot;:&quot;0f991eb&quot;}],&quot;slides_to_show&quot;:&quot;1&quot;,&quot;slides_to_show_tablet&quot;:&quot;1&quot;,&quot;slides_to_show_mobile&quot;:&quot;2&quot;,&quot;autoplay&quot;:&quot;yes&quot;,&quot;autoplay_speed&quot;:5000,&quot;pause_on_hover&quot;:&quot;yes&quot;,&quot;pause_on_interaction&quot;:&quot;yes&quot;,&quot;infinite&quot;:&quot;yes&quot;,&quot;speed&quot;:500,&quot;offset_sides&quot;:&quot;none&quot;,&quot;arrows&quot;:&quot;yes&quot;,&quot;image_spacing_custom&quot;:{&quot;unit&quot;:&quot;px&quot;,&quot;size&quot;:10,&quot;sizes&quot;:[]},&quot;image_spacing_custom_widescreen&quot;:{&quot;unit&quot;:&quot;px&quot;,&quot;size&quot;:&quot;&quot;,&quot;sizes&quot;:[]},&quot;image_spacing_custom_laptop&quot;:{&quot;unit&quot;:&quot;px&quot;,&quot;size&quot;:&quot;&quot;,&quot;sizes&quot;:[]},&quot;image_spacing_custom_tablet_extra&quot;:{&quot;unit&quot;:&quot;px&quot;,&quot;size&quot;:&quot;&quot;,&quot;sizes&quot;:[]},&quot;image_spacing_custom_tablet&quot;:{&quot;unit&quot;:&quot;px&quot;,&quot;size&quot;:&quot;&quot;,&quot;sizes&quot;:[]},&quot;image_spacing_custom_mobile_extra&quot;:{&quot;unit&quot;:&quot;px&quot;,&quot;size&quot;:&quot;&quot;,&quot;sizes&quot;:[]},&quot;image_spacing_custom_mobile&quot;:{&quot;unit&quot;:&quot;px&quot;,&quot;size&quot;:&quot;&quot;,&quot;sizes&quot;:[]}}\" data-widget_type=\"nested-carousel.default\">\n\t\t\t\t<div class=\"elementor-widget-container\">\n\t\t\t\t\t\t\t<div class=\"e-n-carousel swiper\" role=\"region\" aria-roledescription=\"carousel\" aria-label=\"Carosello\" dir=\"ltr\">\n\t\t\t<div class=\"swiper-wrapper\" aria-live=\"off\">\n\t\t\t\t\t\t\t\t\t\t<div class=\"swiper-slide\" data-slide=\"1\" role=\"group\" aria-roledescription=\"slide\" aria-label=\"1 di 3\">\n\t\t\t\t\t\t\t<div class=\"elementor-element elementor-element-16bb22d e-flex e-con-boxed e-con e-child\" data-id=\"16bb22d\" data-element_type=\"container\">\n\t\t\t\t\t<div class=\"e-con-inner\">\n\t\t\t\t<div class=\"elementor-element elementor-element-199bee6 elementor-widget elementor-widget-image\" data-id=\"199bee6\" data-element_type=\"widget\" data-widget_type=\"image.default\">\n\t\t\t\t<div class=\"elementor-widget-container\">\n\t\t\t\t\t\t\t\t\t\t\t\t\t\t\t<img loading=\"lazy\" decoding=\"async\" width=\"1920\" height=\"1280\" src=\"https:\/\/www.mira-sabiona.com\/wp-content\/uploads\/2024\/11\/kloster-neustift-im-eisacktal.jpg\" class=\"attachment-full size-full wp-image-1801\" alt=\"\" srcset=\"https:\/\/www.mira-sabiona.com\/wp-content\/uploads\/2024\/11\/kloster-neustift-im-eisacktal.jpg 1920w, https:\/\/www.mira-sabiona.com\/wp-content\/uploads\/2024\/11\/kloster-neustift-im-eisacktal-300x200.jpg 300w, https:\/\/www.mira-sabiona.com\/wp-content\/uploads\/2024\/11\/kloster-neustift-im-eisacktal-1024x683.jpg 1024w, https:\/\/www.mira-sabiona.com\/wp-content\/uploads\/2024\/11\/kloster-neustift-im-eisacktal-768x512.jpg 768w, https:\/\/www.mira-sabiona.com\/wp-content\/uploads\/2024\/11\/kloster-neustift-im-eisacktal-1536x1024.jpg 1536w\" sizes=\"(max-width: 1920px) 100vw, 1920px\" \/>\t\t\t\t\t\t\t\t\t\t\t\t\t\t\t<\/div>\n\t\t\t\t<\/div>\n\t\t\t\t<div class=\"elementor-element elementor-element-bb065b6 elementor-widget elementor-widget-heading\" data-id=\"bb065b6\" data-element_type=\"widget\" data-widget_type=\"heading.default\">\n\t\t\t\t<div class=\"elementor-widget-container\">\n\t\t\t\t\t<h2 class=\"elementor-heading-title elementor-size-default\">L\u2019abbazia di Novacella, a Bressanone<\/h2>\t\t\t\t<\/div>\n\t\t\t\t<\/div>\n\t\t\t\t<div class=\"elementor-element elementor-element-f6deb4a elementor-widget__width-initial elementor-widget elementor-widget-text-editor\" data-id=\"f6deb4a\" data-element_type=\"widget\" data-widget_type=\"text-editor.default\">\n\t\t\t\t<div class=\"elementor-widget-container\">\n\t\t\t\t\t\t\t\t\t<p>Uno sguardo dietro le mura, una visita al museo e un ottimo bicchiere di bianco dalla cantina dell\u2019abbazia: a Novacella, presso Bressanone, puoi ammirare quasi 900 anni di arte e storia in un unico luogo.<\/p>\n\t\t\t\t\t\t\t\t<\/div>\n\t\t\t\t<\/div>\n\t\t\t\t\t<\/div>\n\t\t\t\t<\/div>\n\t\t\t\t\t\t\t\t<\/div>\n\t\t\t\t\t\t\t\t\t\t\t<div class=\"swiper-slide\" data-slide=\"2\" role=\"group\" aria-roledescription=\"slide\" aria-label=\"2 di 3\">\n\t\t\t\t\t\t\t<div class=\"elementor-element elementor-element-ea56db4 e-flex e-con-boxed e-con e-child\" data-id=\"ea56db4\" data-element_type=\"container\">\n\t\t\t\t\t<div class=\"e-con-inner\">\n\t\t\t\t<div class=\"elementor-element elementor-element-09f8de2 elementor-widget elementor-widget-image\" data-id=\"09f8de2\" data-element_type=\"widget\" data-widget_type=\"image.default\">\n\t\t\t\t<div class=\"elementor-widget-container\">\n\t\t\t\t\t\t\t\t\t\t\t\t\t\t\t<img loading=\"lazy\" decoding=\"async\" width=\"1920\" height=\"1280\" src=\"https:\/\/www.mira-sabiona.com\/wp-content\/uploads\/2024\/11\/bozen-obstmarkt-suedtirol.jpg\" class=\"attachment-full size-full wp-image-1799\" alt=\"\" srcset=\"https:\/\/www.mira-sabiona.com\/wp-content\/uploads\/2024\/11\/bozen-obstmarkt-suedtirol.jpg 1920w, https:\/\/www.mira-sabiona.com\/wp-content\/uploads\/2024\/11\/bozen-obstmarkt-suedtirol-300x200.jpg 300w, https:\/\/www.mira-sabiona.com\/wp-content\/uploads\/2024\/11\/bozen-obstmarkt-suedtirol-1024x683.jpg 1024w, https:\/\/www.mira-sabiona.com\/wp-content\/uploads\/2024\/11\/bozen-obstmarkt-suedtirol-768x512.jpg 768w, https:\/\/www.mira-sabiona.com\/wp-content\/uploads\/2024\/11\/bozen-obstmarkt-suedtirol-1536x1024.jpg 1536w\" sizes=\"(max-width: 1920px) 100vw, 1920px\" \/>\t\t\t\t\t\t\t\t\t\t\t\t\t\t\t<\/div>\n\t\t\t\t<\/div>\n\t\t\t\t<div class=\"elementor-element elementor-element-b8976eb elementor-widget elementor-widget-heading\" data-id=\"b8976eb\" data-element_type=\"widget\" data-widget_type=\"heading.default\">\n\t\t\t\t<div class=\"elementor-widget-container\">\n\t\t\t\t\t<h2 class=\"elementor-heading-title elementor-size-default\">Un giro in citt\u00e0<\/h2>\t\t\t\t<\/div>\n\t\t\t\t<\/div>\n\t\t\t\t<div class=\"elementor-element elementor-element-2a71213 elementor-widget__width-initial elementor-widget elementor-widget-text-editor\" data-id=\"2a71213\" data-element_type=\"widget\" data-widget_type=\"text-editor.default\">\n\t\t\t\t<div class=\"elementor-widget-container\">\n\t\t\t\t\t\t\t\t\t<p>A Bolzano per una passeggiata al mercato delle erbe e una visita alla famosa mummia dei ghiacci \u00d6tzi. A Bressanone per scoprire i tanti tesori artistici della citt\u00e0 vescovile. Oppure a Merano, per fare un giro sulle passeggiate tra palme e perle di architettura Liberty. Le citt\u00e0 dell\u2019Alto Adige meritano tutte una visita!   <\/p>\n\t\t\t\t\t\t\t\t<\/div>\n\t\t\t\t<\/div>\n\t\t\t\t\t<\/div>\n\t\t\t\t<\/div>\n\t\t\t\t\t\t\t\t<\/div>\n\t\t\t\t\t\t\t\t\t\t\t<div class=\"swiper-slide\" data-slide=\"3\" role=\"group\" aria-roledescription=\"slide\" aria-label=\"3 di 3\">\n\t\t\t\t\t\t\t<div class=\"elementor-element elementor-element-5da5cf9 e-flex e-con-boxed e-con e-child\" data-id=\"5da5cf9\" data-element_type=\"container\">\n\t\t\t\t\t<div class=\"e-con-inner\">\n\t\t\t\t<div class=\"elementor-element elementor-element-b9cf799 elementor-widget elementor-widget-image\" data-id=\"b9cf799\" data-element_type=\"widget\" data-widget_type=\"image.default\">\n\t\t\t\t<div class=\"elementor-widget-container\">\n\t\t\t\t\t\t\t\t\t\t\t\t\t\t\t<img loading=\"lazy\" decoding=\"async\" width=\"1920\" height=\"1280\" src=\"https:\/\/www.mira-sabiona.com\/wp-content\/uploads\/2024\/11\/badesee-in-kaltern.jpg\" class=\"attachment-full size-full wp-image-1797\" alt=\"\" srcset=\"https:\/\/www.mira-sabiona.com\/wp-content\/uploads\/2024\/11\/badesee-in-kaltern.jpg 1920w, https:\/\/www.mira-sabiona.com\/wp-content\/uploads\/2024\/11\/badesee-in-kaltern-300x200.jpg 300w, https:\/\/www.mira-sabiona.com\/wp-content\/uploads\/2024\/11\/badesee-in-kaltern-1024x683.jpg 1024w, https:\/\/www.mira-sabiona.com\/wp-content\/uploads\/2024\/11\/badesee-in-kaltern-768x512.jpg 768w, https:\/\/www.mira-sabiona.com\/wp-content\/uploads\/2024\/11\/badesee-in-kaltern-1536x1024.jpg 1536w\" sizes=\"(max-width: 1920px) 100vw, 1920px\" \/>\t\t\t\t\t\t\t\t\t\t\t\t\t\t\t<\/div>\n\t\t\t\t<\/div>\n\t\t\t\t<div class=\"elementor-element elementor-element-9236c8e elementor-widget elementor-widget-heading\" data-id=\"9236c8e\" data-element_type=\"widget\" data-widget_type=\"heading.default\">\n\t\t\t\t<div class=\"elementor-widget-container\">\n\t\t\t\t\t<h2 class=\"elementor-heading-title elementor-size-default\">I laghi dell\u2019Alto Adige<\/h2>\t\t\t\t<\/div>\n\t\t\t\t<\/div>\n\t\t\t\t<div class=\"elementor-element elementor-element-f50577b elementor-widget__width-initial elementor-widget elementor-widget-text-editor\" data-id=\"f50577b\" data-element_type=\"widget\" data-widget_type=\"text-editor.default\">\n\t\t\t\t<div class=\"elementor-widget-container\">\n\t\t\t\t\t\t\t\t\t<p>Un tuffo rinfrescante in mezzo alla natura: il lago di Caldaro, immerso tra i vigneti dell\u2019Oltradige, \u00e8 il pi\u00f9 caldo di tutto l\u2019arco alpino. Ma anche il laghetto di Fi\u00e8 e i laghi di Monticolo nei boschi di Appiano offrono magnifici contesti naturali in cui godersi un bel bagno. <\/p>\n\t\t\t\t\t\t\t\t<\/div>\n\t\t\t\t<\/div>\n\t\t\t\t\t<\/div>\n\t\t\t\t<\/div>\n\t\t\t\t\t\t\t\t<\/div>\n\t\t\t\t\t\t\t\t<\/div>\n\t\t<\/div>\n\t\t\t\t\t<div class=\"elementor-swiper-button elementor-swiper-button-prev\" role=\"button\" tabindex=\"0\" aria-label=\"Precedente\">\n\t\t\t\t\t\t\t<\/div>\n\t\t\t<div class=\"elementor-swiper-button elementor-swiper-button-next\" role=\"button\" tabindex=\"0\" aria-label=\"Successivo\">\n\t\t\t\t<svg aria-hidden=\"true\" class=\"e-font-icon-svg e-eicon-chevron-right\" viewBox=\"0 0 1000 1000\" xmlns=\"http:\/\/www.w3.org\/2000\/svg\"><path d=\"M696 533C708 521 713 504 713 487 713 471 708 454 696 446L400 146C388 133 375 125 354 125 338 125 325 129 313 142 300 154 292 171 292 187 292 204 296 221 308 233L563 492 304 771C292 783 288 800 288 817 288 833 296 850 308 863 321 871 338 875 354 875 371 875 388 867 400 854L696 533Z\"><\/path><\/svg>\t\t\t<\/div>\n\t\t\t\t\t\t<\/div>\n\t\t\t\t<\/div>\n\t\t\t\t\t<\/div>\n\t\t\t\t<\/div>\n\t\t\t\t<\/div>\n\t\t","protected":false},"excerpt":{"rendered":"<p>Chiusa, la citt\u00e0 degli artisti in Valle Isarco Gita al monastero di Sabiona Tortuosi vicoletti, insegne storiche e stretti palazzi con le finestre a bovindo: a Chiusa, dietro ogni angolo \u00e8 custodito qualche dettaglio affascinante. Non a caso questa graziosa cittadina lungo l\u2019Isarco ha fatto innamorare artisti del calibro di Albrecht D\u00fcrer e altri ancora. [&hellip;]<\/p>\n","protected":false},"author":1,"featured_media":0,"parent":0,"menu_order":0,"comment_status":"closed","ping_status":"closed","template":"","meta":{"_acf_changed":false,"footnotes":""},"class_list":["post-1996","page","type-page","status-publish","hentry"],"acf":[],"yoast_head":"<!-- This site is optimized with the Yoast SEO plugin v24.2 - https:\/\/yoast.com\/wordpress\/plugins\/seo\/ -->\n<title>A Chiusa &amp; dintorni - Mira Sabiona<\/title>\n<meta name=\"robots\" content=\"index, follow, max-snippet:-1, max-image-preview:large, max-video-preview:-1\" \/>\n<link rel=\"canonical\" href=\"https:\/\/www.mira-sabiona.com\/it\/a-chiusa-dintorni\/\" \/>\n<meta property=\"og:locale\" content=\"it_IT\" \/>\n<meta property=\"og:type\" content=\"article\" \/>\n<meta property=\"og:title\" content=\"A Chiusa &amp; dintorni - Mira Sabiona\" \/>\n<meta property=\"og:description\" content=\"Chiusa, la citt\u00e0 degli artisti in Valle Isarco Gita al monastero di Sabiona Tortuosi vicoletti, insegne storiche e stretti palazzi con le finestre a bovindo: a Chiusa, dietro ogni angolo \u00e8 custodito qualche dettaglio affascinante. Non a caso questa graziosa cittadina lungo l\u2019Isarco ha fatto innamorare artisti del calibro di Albrecht D\u00fcrer e altri ancora. [&hellip;]\" \/>\n<meta property=\"og:url\" content=\"https:\/\/www.mira-sabiona.com\/it\/a-chiusa-dintorni\/\" \/>\n<meta property=\"og:site_name\" content=\"Mira Sabiona\" \/>\n<meta property=\"article:modified_time\" content=\"2024-12-09T12:49:31+00:00\" \/>\n<meta property=\"og:image\" content=\"https:\/\/www.mira-sabiona.com\/wp-content\/uploads\/2024\/10\/Gruppe-59@2x.png\" \/>\n\t<meta property=\"og:image:width\" content=\"444\" \/>\n\t<meta property=\"og:image:height\" content=\"444\" \/>\n\t<meta property=\"og:image:type\" content=\"image\/png\" \/>\n<meta name=\"twitter:card\" content=\"summary_large_image\" \/>\n<meta name=\"twitter:label1\" content=\"Tempo di lettura stimato\" \/>\n\t<meta name=\"twitter:data1\" content=\"4 minuti\" \/>\n<script type=\"application\/ld+json\" class=\"yoast-schema-graph\">{\"@context\":\"https:\/\/schema.org\",\"@graph\":[{\"@type\":\"WebPage\",\"@id\":\"https:\/\/www.mira-sabiona.com\/it\/a-chiusa-dintorni\/\",\"url\":\"https:\/\/www.mira-sabiona.com\/it\/a-chiusa-dintorni\/\",\"name\":\"A Chiusa &amp; dintorni - Mira Sabiona\",\"isPartOf\":{\"@id\":\"https:\/\/www.mira-sabiona.com\/it\/#website\"},\"primaryImageOfPage\":{\"@id\":\"https:\/\/www.mira-sabiona.com\/it\/a-chiusa-dintorni\/#primaryimage\"},\"image\":{\"@id\":\"https:\/\/www.mira-sabiona.com\/it\/a-chiusa-dintorni\/#primaryimage\"},\"thumbnailUrl\":\"https:\/\/www.mira-sabiona.com\/wp-content\/uploads\/2024\/10\/Gruppe-59@2x.png\",\"datePublished\":\"2024-10-15T10:59:31+00:00\",\"dateModified\":\"2024-12-09T12:49:31+00:00\",\"breadcrumb\":{\"@id\":\"https:\/\/www.mira-sabiona.com\/it\/a-chiusa-dintorni\/#breadcrumb\"},\"inLanguage\":\"it-IT\",\"potentialAction\":[{\"@type\":\"ReadAction\",\"target\":[\"https:\/\/www.mira-sabiona.com\/it\/a-chiusa-dintorni\/\"]}]},{\"@type\":\"ImageObject\",\"inLanguage\":\"it-IT\",\"@id\":\"https:\/\/www.mira-sabiona.com\/it\/a-chiusa-dintorni\/#primaryimage\",\"url\":\"https:\/\/www.mira-sabiona.com\/wp-content\/uploads\/2024\/10\/Gruppe-59@2x.png\",\"contentUrl\":\"https:\/\/www.mira-sabiona.com\/wp-content\/uploads\/2024\/10\/Gruppe-59@2x.png\"},{\"@type\":\"BreadcrumbList\",\"@id\":\"https:\/\/www.mira-sabiona.com\/it\/a-chiusa-dintorni\/#breadcrumb\",\"itemListElement\":[{\"@type\":\"ListItem\",\"position\":1,\"name\":\"Startseite\",\"item\":\"https:\/\/www.mira-sabiona.com\/it\/mira-sabiona\/\"},{\"@type\":\"ListItem\",\"position\":2,\"name\":\"A Chiusa &amp; dintorni\"}]},{\"@type\":\"WebSite\",\"@id\":\"https:\/\/www.mira-sabiona.com\/it\/#website\",\"url\":\"https:\/\/www.mira-sabiona.com\/it\/\",\"name\":\"Mira Sabiona\",\"description\":\"\",\"publisher\":{\"@id\":\"https:\/\/www.mira-sabiona.com\/it\/#organization\"},\"potentialAction\":[{\"@type\":\"SearchAction\",\"target\":{\"@type\":\"EntryPoint\",\"urlTemplate\":\"https:\/\/www.mira-sabiona.com\/it\/?s={search_term_string}\"},\"query-input\":{\"@type\":\"PropertyValueSpecification\",\"valueRequired\":true,\"valueName\":\"search_term_string\"}}],\"inLanguage\":\"it-IT\"},{\"@type\":\"Organization\",\"@id\":\"https:\/\/www.mira-sabiona.com\/it\/#organization\",\"name\":\"Mira Sabiona\",\"url\":\"https:\/\/www.mira-sabiona.com\/it\/\",\"logo\":{\"@type\":\"ImageObject\",\"inLanguage\":\"it-IT\",\"@id\":\"https:\/\/www.mira-sabiona.com\/it\/#\/schema\/logo\/image\/\",\"url\":\"https:\/\/www.mira-sabiona.com\/wp-content\/uploads\/2024\/10\/logo-mira-sabiona.svg\",\"contentUrl\":\"https:\/\/www.mira-sabiona.com\/wp-content\/uploads\/2024\/10\/logo-mira-sabiona.svg\",\"width\":314,\"height\":178,\"caption\":\"Mira Sabiona\"},\"image\":{\"@id\":\"https:\/\/www.mira-sabiona.com\/it\/#\/schema\/logo\/image\/\"}}]}<\/script>\n<!-- \/ Yoast SEO plugin. -->","yoast_head_json":{"title":"A Chiusa &amp; dintorni - Mira Sabiona","robots":{"index":"index","follow":"follow","max-snippet":"max-snippet:-1","max-image-preview":"max-image-preview:large","max-video-preview":"max-video-preview:-1"},"canonical":"https:\/\/www.mira-sabiona.com\/it\/a-chiusa-dintorni\/","og_locale":"it_IT","og_type":"article","og_title":"A Chiusa &amp; dintorni - Mira Sabiona","og_description":"Chiusa, la citt\u00e0 degli artisti in Valle Isarco Gita al monastero di Sabiona Tortuosi vicoletti, insegne storiche e stretti palazzi con le finestre a bovindo: a Chiusa, dietro ogni angolo \u00e8 custodito qualche dettaglio affascinante. Non a caso questa graziosa cittadina lungo l\u2019Isarco ha fatto innamorare artisti del calibro di Albrecht D\u00fcrer e altri ancora. [&hellip;]","og_url":"https:\/\/www.mira-sabiona.com\/it\/a-chiusa-dintorni\/","og_site_name":"Mira Sabiona","article_modified_time":"2024-12-09T12:49:31+00:00","og_image":[{"width":444,"height":444,"url":"https:\/\/www.mira-sabiona.com\/wp-content\/uploads\/2024\/10\/Gruppe-59@2x.png","type":"image\/png"}],"twitter_card":"summary_large_image","twitter_misc":{"Tempo di lettura stimato":"4 minuti"},"schema":{"@context":"https:\/\/schema.org","@graph":[{"@type":"WebPage","@id":"https:\/\/www.mira-sabiona.com\/it\/a-chiusa-dintorni\/","url":"https:\/\/www.mira-sabiona.com\/it\/a-chiusa-dintorni\/","name":"A Chiusa &amp; dintorni - Mira Sabiona","isPartOf":{"@id":"https:\/\/www.mira-sabiona.com\/it\/#website"},"primaryImageOfPage":{"@id":"https:\/\/www.mira-sabiona.com\/it\/a-chiusa-dintorni\/#primaryimage"},"image":{"@id":"https:\/\/www.mira-sabiona.com\/it\/a-chiusa-dintorni\/#primaryimage"},"thumbnailUrl":"https:\/\/www.mira-sabiona.com\/wp-content\/uploads\/2024\/10\/Gruppe-59@2x.png","datePublished":"2024-10-15T10:59:31+00:00","dateModified":"2024-12-09T12:49:31+00:00","breadcrumb":{"@id":"https:\/\/www.mira-sabiona.com\/it\/a-chiusa-dintorni\/#breadcrumb"},"inLanguage":"it-IT","potentialAction":[{"@type":"ReadAction","target":["https:\/\/www.mira-sabiona.com\/it\/a-chiusa-dintorni\/"]}]},{"@type":"ImageObject","inLanguage":"it-IT","@id":"https:\/\/www.mira-sabiona.com\/it\/a-chiusa-dintorni\/#primaryimage","url":"https:\/\/www.mira-sabiona.com\/wp-content\/uploads\/2024\/10\/Gruppe-59@2x.png","contentUrl":"https:\/\/www.mira-sabiona.com\/wp-content\/uploads\/2024\/10\/Gruppe-59@2x.png"},{"@type":"BreadcrumbList","@id":"https:\/\/www.mira-sabiona.com\/it\/a-chiusa-dintorni\/#breadcrumb","itemListElement":[{"@type":"ListItem","position":1,"name":"Startseite","item":"https:\/\/www.mira-sabiona.com\/it\/mira-sabiona\/"},{"@type":"ListItem","position":2,"name":"A Chiusa &amp; dintorni"}]},{"@type":"WebSite","@id":"https:\/\/www.mira-sabiona.com\/it\/#website","url":"https:\/\/www.mira-sabiona.com\/it\/","name":"Mira Sabiona","description":"","publisher":{"@id":"https:\/\/www.mira-sabiona.com\/it\/#organization"},"potentialAction":[{"@type":"SearchAction","target":{"@type":"EntryPoint","urlTemplate":"https:\/\/www.mira-sabiona.com\/it\/?s={search_term_string}"},"query-input":{"@type":"PropertyValueSpecification","valueRequired":true,"valueName":"search_term_string"}}],"inLanguage":"it-IT"},{"@type":"Organization","@id":"https:\/\/www.mira-sabiona.com\/it\/#organization","name":"Mira Sabiona","url":"https:\/\/www.mira-sabiona.com\/it\/","logo":{"@type":"ImageObject","inLanguage":"it-IT","@id":"https:\/\/www.mira-sabiona.com\/it\/#\/schema\/logo\/image\/","url":"https:\/\/www.mira-sabiona.com\/wp-content\/uploads\/2024\/10\/logo-mira-sabiona.svg","contentUrl":"https:\/\/www.mira-sabiona.com\/wp-content\/uploads\/2024\/10\/logo-mira-sabiona.svg","width":314,"height":178,"caption":"Mira Sabiona"},"image":{"@id":"https:\/\/www.mira-sabiona.com\/it\/#\/schema\/logo\/image\/"}}]}},"_links":{"self":[{"href":"https:\/\/www.mira-sabiona.com\/it\/wp-json\/wp\/v2\/pages\/1996","targetHints":{"allow":["GET"]}}],"collection":[{"href":"https:\/\/www.mira-sabiona.com\/it\/wp-json\/wp\/v2\/pages"}],"about":[{"href":"https:\/\/www.mira-sabiona.com\/it\/wp-json\/wp\/v2\/types\/page"}],"author":[{"embeddable":true,"href":"https:\/\/www.mira-sabiona.com\/it\/wp-json\/wp\/v2\/users\/1"}],"replies":[{"embeddable":true,"href":"https:\/\/www.mira-sabiona.com\/it\/wp-json\/wp\/v2\/comments?post=1996"}],"version-history":[{"count":2,"href":"https:\/\/www.mira-sabiona.com\/it\/wp-json\/wp\/v2\/pages\/1996\/revisions"}],"predecessor-version":[{"id":2002,"href":"https:\/\/www.mira-sabiona.com\/it\/wp-json\/wp\/v2\/pages\/1996\/revisions\/2002"}],"wp:attachment":[{"href":"https:\/\/www.mira-sabiona.com\/it\/wp-json\/wp\/v2\/media?parent=1996"}],"curies":[{"name":"wp","href":"https:\/\/api.w.org\/{rel}","templated":true}]}}